{"id":3545,"date":"2020-08-27T19:05:41","date_gmt":"2020-08-27T22:05:41","guid":{"rendered":"https:\/\/www.fasar.com.br\/nws\/?post_type=infraestrutura&#038;p=1514"},"modified":"2021-11-26T15:04:15","modified_gmt":"2021-11-26T18:04:15","slug":"laboratorio-de-tecnica-dietetica-e-tecnologia-de-alimentos","status":"publish","type":"infraestrutura","link":"https:\/\/unifasar.edu.br\/colegio\/infraestrutura\/laboratorio-de-tecnica-dietetica-e-tecnologia-de-alimentos\/","title":{"rendered":"Laborat\u00f3rio de T\u00e9cnica Diet\u00e9tica e Tecnologia de Alimentos"},"content":{"rendered":"\n<p>O Laborat\u00f3rio de T\u00e9cnica Diet\u00e9tica e Tecnologia de Alimentos foi projetado segundo a Legisla\u00e7\u00e3o em Vigil\u00e2ncia Sanit\u00e1ria para as edifica\u00e7\u00f5es e instala\u00e7\u00f5es dos servi\u00e7os de alimenta\u00e7\u00e3o, de forma a possibilitar um fluxo ordenado e sem cruzamento em todas as etapas da prepara\u00e7\u00e3o dos alimentos e facilitando as opera\u00e7\u00f5es de higieniza\u00e7\u00e3o. A instala\u00e7\u00e3o f\u00edsica do laborat\u00f3rio possui revestimento liso, imperme\u00e1vel e lav\u00e1vel, sendo mantida em bom estado de conserva\u00e7\u00e3o. As janelas s\u00e3o dotadas de telas milim\u00e9tricas remov\u00edveis. O laborat\u00f3rio n\u00e3o possui ralos e\/ou grelhas. As instala\u00e7\u00f5es el\u00e9tricas s\u00e3o embutidas e as l\u00e2mpadas protegidas com lumin\u00e1rias contra explos\u00e3o e quedas acidentais. O laborat\u00f3rio cont\u00e9m ilumina\u00e7\u00e3o e ventila\u00e7\u00e3o natural adequadas. Al\u00e9m disso, \u00e9 dotado de lavat\u00f3rio exclusivo para higieniza\u00e7\u00e3o das m\u00e3os.<\/p>\n\n\n\n<p>O laborat\u00f3rio est\u00e1 devidamente equipado com os recursos necess\u00e1rios ao desenvolvimento das aulas pr\u00e1ticas das disciplinas, possibilitando uma assimila\u00e7\u00e3o ativa dos conte\u00fados te\u00f3ricos. Possui equipamentos e layout que mimetizam o processamento e a tecnologia de produtos aliment\u00edcios. Todos os objetos, equipamentos e m\u00f3veis foram adaptados de forma a trazer ao aluno real ideia do que ocorre em uma Unidade de Alimenta\u00e7\u00e3o e Nutri\u00e7\u00e3o.<\/p>\n\n\n\n<p>No laborat\u00f3rio os alunos da FASAR desenvolvem as t\u00e9cnicas espec\u00edficas de pr\u00e9-preparo e preparo dos diferentes grupos de alimentos. Al\u00e9m disso, os alunos podem visualizar como os alimentos s\u00e3o transformados pela Ind\u00fastria de Alimentos.<\/p>\n\n\n\n<p>No Laborat\u00f3rio de T\u00e9cnica Diet\u00e9tica e Tecnologia de Alimentos \u00e9 poss\u00edvel encontrar os seguintes equipamentos:<\/p>\n\n\n\n<p>\u25cf Balan\u00e7a digital<br>\u25cf Batedeira<br>\u25cf Cabrita<br>\u25cf Cilindro manual de massas com cortador de talharim<br>\u25cf Conjunto compacto misturador<br>\u25cf Ensacadeira de embutidos<br>\u25cf Espremedor de frutas<br>\u25cf Fog\u00f5es<br>\u25cf Forno industrial \u00e0 g\u00e1s<br>\u25cf Geladeira<br>\u25cf Liquidificador industrial<br>\u25cf Moedor de carne el\u00e9trico<br>\u25cf Multiprocessador<br>\u25cf Term\u00f4metro tipo vareta<\/p>\n\n\n\n<p>O laborat\u00f3rio tamb\u00e9m cont\u00e9m v\u00e1rios utens\u00edlios em geral, entre os quais: Panela de press\u00e3o, panelas diversas de inox, tabuleiros, forma de pizza, travessas, frigideira, cesto de fritar, escorredor de arroz\/macarr\u00e3o, bule, leiteira, garrafa t\u00e9rmica, jarra, marinex, t\u00e1bua de vidro e de polietileno, bacias, vasilhames e botes diversos de pl\u00e1stico, pratos rasos e fundos, ta\u00e7as, copos diversos, x\u00edcaras, pires, facas, garfos, colheres diversas, conchas, escumadeiras, pegador, batedor de bife, esp\u00e1tulas, cortador de pizza, abridor, ralador, rolo, tesoura, peneira, coador, porta tempero, paliteiro, saleiro, porta guardanapo, porta ovos, forma de gelo, batedor de alho, funil, jogo de medidor, porta sab\u00e3o\/detergente, borrifador, rodo de pia, escorredor de utens\u00edlios.&nbsp;<\/p>\n\n\n\n<p>Visando a seguran\u00e7a dos alunos e professores, os principais Equipamentos de Prote\u00e7\u00e3o Individual (EPI\u2019s) est\u00e3o dispon\u00edveis como Japona\/jaqueta t\u00e9rmica, avental t\u00e9rmico impermeabilizado anti-chama, mangote de lona, luva em malha de a\u00e7o, luva t\u00e9rmica, luva de borracha, m\u00e1scara de seguran\u00e7a, \u00f3culos de seguran\u00e7a, protetor auricular e botas de seguran\u00e7a.<\/p>\n\n\n\n<figure class=\"wp-block-gallery columns-1 is-cropped wp-block-gallery-1 is-layout-flex wp-block-gallery-is-layout-flex\"><ul class=\"blocks-gallery-grid\"><li class=\"blocks-gallery-item\"><figure><a href=\"https:\/\/www.fasar.com.br\/\/wp-content\/uploads\/2020\/08\/LABORATORIO-DE-TECNICA-DIETETICA-E-TECNOLOGIA-DE-ALIMENTOS-1-scaled.jpg\"><img decoding=\"async\" src=\"https:\/\/www.fasar.com.br\/\/wp-content\/uploads\/2020\/08\/LABORATORIO-DE-TECNICA-DIETETICA-E-TECNOLOGIA-DE-ALIMENTOS-1-1024x576.jpg\" alt=\"\" data-id=\"1515\" data-full-url=\"https:\/\/www.fasar.com.br\/\/wp-content\/uploads\/2020\/08\/LABORATORIO-DE-TECNICA-DIETETICA-E-TECNOLOGIA-DE-ALIMENTOS-1-scaled.jpg\" data-link=\"https:\/\/www.fasar.com.br\/\/?attachment_id=1515\" class=\"wp-image-1515\"\/><\/a><\/figure><\/li><li class=\"blocks-gallery-item\"><figure><a href=\"https:\/\/www.fasar.com.br\/\/wp-content\/uploads\/2020\/08\/LABORATORIO-DE-TECNICA-DIETETICA-E-TECNOLOGIA-DE-ALIMENTOS-2-scaled.jpg\"><img decoding=\"async\" src=\"https:\/\/www.fasar.com.br\/\/wp-content\/uploads\/2020\/08\/LABORATORIO-DE-TECNICA-DIETETICA-E-TECNOLOGIA-DE-ALIMENTOS-2-1024x576.jpg\" alt=\"\" data-id=\"1516\" data-full-url=\"https:\/\/www.fasar.com.br\/\/wp-content\/uploads\/2020\/08\/LABORATORIO-DE-TECNICA-DIETETICA-E-TECNOLOGIA-DE-ALIMENTOS-2-scaled.jpg\" data-link=\"https:\/\/www.fasar.com.br\/\/?attachment_id=1516\" class=\"wp-image-1516\"\/><\/a><\/figure><\/li><li class=\"blocks-gallery-item\"><figure><a href=\"https:\/\/www.fasar.com.br\/\/wp-content\/uploads\/2020\/08\/LABORATORIO-DE-TECNICA-DIETETICA-E-TECNOLOGIA-DE-ALIMENTOS-3.jpg\"><img decoding=\"async\" src=\"https:\/\/www.fasar.com.br\/\/wp-content\/uploads\/2020\/08\/LABORATORIO-DE-TECNICA-DIETETICA-E-TECNOLOGIA-DE-ALIMENTOS-3.jpg\" alt=\"\" data-id=\"1517\" data-full-url=\"https:\/\/www.fasar.com.br\/\/wp-content\/uploads\/2020\/08\/LABORATORIO-DE-TECNICA-DIETETICA-E-TECNOLOGIA-DE-ALIMENTOS-3.jpg\" data-link=\"https:\/\/www.fasar.com.br\/\/?attachment_id=1517\" class=\"wp-image-1517\"\/><\/a><\/figure><\/li><li class=\"blocks-gallery-item\"><figure><a href=\"https:\/\/www.fasar.com.br\/\/wp-content\/uploads\/2020\/08\/LABORATORIO-DE-TECNICA-DIETETICA-E-TECNOLOGIA-DE-ALIMENTOS-4.jpg\"><img decoding=\"async\" src=\"https:\/\/www.fasar.com.br\/\/wp-content\/uploads\/2020\/08\/LABORATORIO-DE-TECNICA-DIETETICA-E-TECNOLOGIA-DE-ALIMENTOS-4.jpg\" alt=\"\" data-id=\"1518\" data-full-url=\"https:\/\/www.fasar.com.br\/\/wp-content\/uploads\/2020\/08\/LABORATORIO-DE-TECNICA-DIETETICA-E-TECNOLOGIA-DE-ALIMENTOS-4.jpg\" data-link=\"https:\/\/www.fasar.com.br\/\/?attachment_id=1518\" class=\"wp-image-1518\"\/><\/a><\/figure><\/li><li class=\"blocks-gallery-item\"><figure><a href=\"https:\/\/www.fasar.com.br\/\/wp-content\/uploads\/2020\/08\/LABORATORIO-DE-TECNICA-DIETETICA-E-TECNOLOGIA-DE-ALIMENTOS-5.jpg\"><img decoding=\"async\" src=\"https:\/\/www.fasar.com.br\/\/wp-content\/uploads\/2020\/08\/LABORATORIO-DE-TECNICA-DIETETICA-E-TECNOLOGIA-DE-ALIMENTOS-5.jpg\" alt=\"\" data-id=\"1519\" data-full-url=\"https:\/\/www.fasar.com.br\/\/wp-content\/uploads\/2020\/08\/LABORATORIO-DE-TECNICA-DIETETICA-E-TECNOLOGIA-DE-ALIMENTOS-5.jpg\" data-link=\"https:\/\/www.fasar.com.br\/\/?attachment_id=1519\" class=\"wp-image-1519\"\/><\/a><\/figure><\/li><\/ul><\/figure>\n","protected":false},"featured_media":3295,"template":"","meta":{"advanced_seo_description":"","jetpack_seo_html_title":"","jetpack_seo_noindex":false},"categoria-infraestrutura":[64],"class_list":["post-3545","infraestrutura","type-infraestrutura","status-publish","has-post-thumbnail","hentry","categoria-infraestrutura-aulas-praticas"],"jetpack_sharing_enabled":true,"_links":{"self":[{"href":"https:\/\/unifasar.edu.br\/colegio\/wp-json\/wp\/v2\/infraestrutura\/3545","targetHints":{"allow":["GET"]}}],"collection":[{"href":"https:\/\/unifasar.edu.br\/colegio\/wp-json\/wp\/v2\/infraestrutura"}],"about":[{"href":"https:\/\/unifasar.edu.br\/colegio\/wp-json\/wp\/v2\/types\/infraestrutura"}],"wp:featuredmedia":[{"embeddable":true,"href":"https:\/\/unifasar.edu.br\/colegio\/wp-json\/wp\/v2\/media\/3295"}],"wp:attachment":[{"href":"https:\/\/unifasar.edu.br\/colegio\/wp-json\/wp\/v2\/media?parent=3545"}],"wp:term":[{"taxonomy":"categoria-infraestrutura","embeddable":true,"href":"https:\/\/unifasar.edu.br\/colegio\/wp-json\/wp\/v2\/categoria-infraestrutura?post=3545"}],"curies":[{"name":"wp","href":"https:\/\/api.w.org\/{rel}","templated":true}]}}